{"id":8183,"date":"2025-06-10T12:31:40","date_gmt":"2025-06-10T10:31:40","guid":{"rendered":"https:\/\/www.sergelifar.org\/%d1%85%d0%be%d1%80%d0%b5%d0%be%d0%b3%d1%80%d0%b0%d1%84%d0%b8%d0%b8\/autres-ballets\/lecuyere\/"},"modified":"2025-06-11T10:40:04","modified_gmt":"2025-06-11T08:40:04","slug":"lecuyere","status":"publish","type":"page","link":"https:\/\/www.sergelifar.org\/ru\/%d1%85%d0%be%d1%80%d0%b5%d0%be%d0%b3%d1%80%d0%b0%d1%84%d0%b8%d0%b8\/autres-ballets\/lecuyere\/","title":{"rendered":"L\u2019Ecuy\u00e8re"},"content":{"rendered":"<div id=\"pl-8183\"  class=\"panel-layout\" ><div id=\"pg-8183-0\"  class=\"panel-grid panel-no-style\" ><div id=\"pgc-8183-0-0\"  class=\"panel-grid-cell\" ><div id=\"panel-8183-0-0-0\" class=\"so-panel widget widget_sow-editor panel-first-child panel-last-child\" data-index=\"0\" ><div\n\t\t\t\n\t\t\tclass=\"so-widget-sow-editor so-widget-sow-editor-base\"\n\t\t\t\n\t\t>\n<div class=\"siteorigin-widget-tinymce textwidget\">\n\t<p>Premi\u00e8re : le 21 f\u00e9vrier 1948 \u2013 Gala Pleyel<\/p>\n<p>Musique&nbsp;: Joseph Kosma<\/p>\n<p>Argument&nbsp;(ou livret) : Constantin Nepo et Serge Lifar, inspir\u00e9 de Franz Kafka<\/p>\n<p>D\u00e9cors&nbsp;et costumes&nbsp;: Constantin Nepo<\/p>\n<p>Principaux interpr\u00e8tes&nbsp;: Max Bozzoni (Monsieur Loyal), Yvette Chauvir\u00e9 (l\u2019Ecuy\u00e8re), Guy Laine (le Clown), Michel Renault (le Po\u00e8te)<\/p>\n<p>&nbsp;<\/p>\n<p style=\"text-align: center;\">* * * * * * * *<\/p>\n<p>&nbsp;<\/p>\n<p><strong>Yvette Chauvir\u00e9 danse du Kafka adapt\u00e9 par Lifar<\/strong><\/p>\n<p>\u00ab&nbsp;[\u2026] L\u2019int\u00e9r\u00eat du public, qui emplissait la Salle Pleyel, se concentrait sur l\u2019<em>Ecuy\u00e8re<\/em>, cr\u00e9ation de Lifar, inspir\u00e9e par Kafka. Des personnages de cirque jouent, dans une atmosph\u00e8re d\u2019angoisse et de mal\u00e9fique po\u00e9sie, l\u2019histoire tragique de l\u2019amour rendu impossible par la vie cruelle. La musique de Kosma m\u2019a paru moins inspir\u00e9e que d\u2019habitude. [\u2026]&nbsp;\u00bb<\/p>\n<p>Denis Hermant, <em>France-Soir<\/em>, 24 f\u00e9vrier 1948<\/p>\n<p>&nbsp;<\/p>\n<p><strong>Yvette Chauvir\u00e9 \u00e0 la Salle Pleyel<\/strong><\/p>\n<p>\u00ab&nbsp;[\u2026] Le clou de la soir\u00e9e a \u00e9t\u00e9 l\u2019<em>Ecuy\u00e8re<\/em>, ballet dramatique, tragique m\u00eame, compos\u00e9 par Serge Lifar sur une musique de Kosma, d\u2019apr\u00e8s une nouvelle de Kafka. Les audaces color\u00e9es des costumes et du d\u00e9cor, l\u2019intrigue et jusqu\u2019au dernier geste d\u2019adieu de l\u2019\u00e9cuy\u00e8re, emport\u00e9e dans les bras de son dompteur, furent accueillis par le d\u00e9lire du public d\u00e9cha\u00een\u00e9.<\/p>\n<p>Serge Lifar, applaudi tr\u00e8s fr\u00e9n\u00e9tiquement, v\u00eatu d\u2019une veste de travail et chauss\u00e9 de vulgaires godillots, dut venir plusieurs fois sur sc\u00e8ne pour saluer. [\u2026]&nbsp;\u00bb<\/p>\n<p>Cl. O., <em>L\u2019Aurore<\/em>, 22 f\u00e9vrier 1948<\/p>\n<p>&nbsp;<\/p>\n<p>&nbsp;<\/p>\n<\/div>\n<\/div><\/div><\/div><\/div><\/div>","protected":false},"excerpt":{"rendered":"<p>Premi\u00e8re : le 21 f\u00e9vrier 1948 \u2013 Gala Pleyel Musique&nbsp;: Joseph Kosma Argument&nbsp;(ou livret) : Constantin Nepo et Serge Lifar, inspir\u00e9 de Franz Kafka D\u00e9cors&nbsp;et costumes&nbsp;: Constantin Nepo Principaux interpr\u00e8tes&nbsp;: Max Bozzoni (Monsieur Loyal), Yvette Chauvir\u00e9 (l\u2019Ecuy\u00e8re), Guy Laine (le Clown), Michel Renault (le Po\u00e8te) &nbsp; * * * * * * * * &nbsp; <\/p>\n","protected":false},"author":2,"featured_media":0,"parent":7159,"menu_order":0,"comment_status":"closed","ping_status":"closed","template":"template-sousmenu.php","meta":{"_acf_changed":false,"ngg_post_thumbnail":0,"footnotes":""},"class_list":["post-8183","page","type-page","status-publish","hentry"],"acf":[],"yoast_head":"<!-- This site is optimized with the Yoast SEO plugin v27.4 - https:\/\/yoast.com\/product\/yoast-seo-wordpress\/ -->\n<title>L\u2019Ecuy\u00e8re - Serge Lifar<\/title>\n<meta name=\"description\" content=\"Ballet de Serge Lifar sur une musique de Joseph Kosma, d\u00e9cors et costume de Constantin Nepo (1948)\" \/>\n<meta name=\"robots\" content=\"index, follow, max-snippet:-1, max-image-preview:large, max-video-preview:-1\" \/>\n<link rel=\"canonical\" href=\"https:\/\/www.sergelifar.org\/ru\/\u0445\u043e\u0440\u0435\u043e\u0433\u0440\u0430\u0444\u0438\u0438\/autres-ballets\/lecuyere\/\" \/>\n<meta property=\"og:locale\" content=\"ru_RU\" \/>\n<meta property=\"og:type\" content=\"article\" \/>\n<meta property=\"og:title\" content=\"L\u2019Ecuy\u00e8re - Serge Lifar\" \/>\n<meta property=\"og:description\" content=\"Ballet de Serge Lifar sur une musique de Joseph Kosma, d\u00e9cors et costume de Constantin Nepo (1948)\" \/>\n<meta property=\"og:url\" content=\"https:\/\/www.sergelifar.org\/ru\/\u0445\u043e\u0440\u0435\u043e\u0433\u0440\u0430\u0444\u0438\u0438\/autres-ballets\/lecuyere\/\" \/>\n<meta property=\"og:site_name\" content=\"Serge Lifar\" \/>\n<meta property=\"article:modified_time\" content=\"2025-06-11T08:40:04+00:00\" \/>\n<meta name=\"twitter:card\" content=\"summary_large_image\" \/>\n<meta name=\"twitter:label1\" content=\"\u041f\u0440\u0438\u043c\u0435\u0440\u043d\u043e\u0435 \u0432\u0440\u0435\u043c\u044f \u0434\u043b\u044f \u0447\u0442\u0435\u043d\u0438\u044f\" \/>\n\t<meta name=\"twitter:data1\" content=\"1 \u043c\u0438\u043d\u0443\u0442\u0430\" \/>\n<script type=\"application\/ld+json\" class=\"yoast-schema-graph\">{\"@context\":\"https:\\\/\\\/schema.org\",\"@graph\":[{\"@type\":\"WebPage\",\"@id\":\"https:\\\/\\\/www.sergelifar.org\\\/ru\\\/%d1%85%d0%be%d1%80%d0%b5%d0%be%d0%b3%d1%80%d0%b0%d1%84%d0%b8%d0%b8\\\/autres-ballets\\\/lecuyere\\\/\",\"url\":\"https:\\\/\\\/www.sergelifar.org\\\/ru\\\/%d1%85%d0%be%d1%80%d0%b5%d0%be%d0%b3%d1%80%d0%b0%d1%84%d0%b8%d0%b8\\\/autres-ballets\\\/lecuyere\\\/\",\"name\":\"L\u2019Ecuy\u00e8re - Serge Lifar\",\"isPartOf\":{\"@id\":\"https:\\\/\\\/dev2023.sergelifar.org\\\/en\\\/#website\"},\"datePublished\":\"2025-06-10T10:31:40+00:00\",\"dateModified\":\"2025-06-11T08:40:04+00:00\",\"description\":\"Ballet de Serge Lifar sur une musique de Joseph Kosma, d\u00e9cors et costume de Constantin Nepo (1948)\",\"breadcrumb\":{\"@id\":\"https:\\\/\\\/www.sergelifar.org\\\/ru\\\/%d1%85%d0%be%d1%80%d0%b5%d0%be%d0%b3%d1%80%d0%b0%d1%84%d0%b8%d0%b8\\\/autres-ballets\\\/lecuyere\\\/#breadcrumb\"},\"inLanguage\":\"ru-RU\",\"potentialAction\":[{\"@type\":\"ReadAction\",\"target\":[\"https:\\\/\\\/www.sergelifar.org\\\/ru\\\/%d1%85%d0%be%d1%80%d0%b5%d0%be%d0%b3%d1%80%d0%b0%d1%84%d0%b8%d0%b8\\\/autres-ballets\\\/lecuyere\\\/\"]}]},{\"@type\":\"BreadcrumbList\",\"@id\":\"https:\\\/\\\/www.sergelifar.org\\\/ru\\\/%d1%85%d0%be%d1%80%d0%b5%d0%be%d0%b3%d1%80%d0%b0%d1%84%d0%b8%d0%b8\\\/autres-ballets\\\/lecuyere\\\/#breadcrumb\",\"itemListElement\":[{\"@type\":\"ListItem\",\"position\":1,\"name\":\"Accueil\",\"item\":\"https:\\\/\\\/www.sergelifar.org\\\/ru\\\/\"},{\"@type\":\"ListItem\",\"position\":2,\"name\":\"\u0425\u043e\u0440\u0435\u043e\u0433\u0440\u0430\u0444\u0438\u0447\u0435\u0441\u043a\u0438\u0435 \u043f\u043e\u0441\u0442\u0430\u043d\u043e\u0432\u043a\u0438\",\"item\":\"https:\\\/\\\/www.sergelifar.org\\\/ru\\\/%d1%85%d0%be%d1%80%d0%b5%d0%be%d0%b3%d1%80%d0%b0%d1%84%d0%b8%d0%b8\\\/\"},{\"@type\":\"ListItem\",\"position\":3,\"name\":\"Autres ballets\",\"item\":\"https:\\\/\\\/www.sergelifar.org\\\/ru\\\/%d1%85%d0%be%d1%80%d0%b5%d0%be%d0%b3%d1%80%d0%b0%d1%84%d0%b8%d0%b8\\\/autres-ballets\\\/\"},{\"@type\":\"ListItem\",\"position\":4,\"name\":\"L\u2019Ecuy\u00e8re\"}]},{\"@type\":\"WebSite\",\"@id\":\"https:\\\/\\\/dev2023.sergelifar.org\\\/en\\\/#website\",\"url\":\"https:\\\/\\\/dev2023.sergelifar.org\\\/en\\\/\",\"name\":\"Serge Lifar\",\"description\":\"Site officiel de la Fondation Serge Lifar\",\"potentialAction\":[{\"@type\":\"SearchAction\",\"target\":{\"@type\":\"EntryPoint\",\"urlTemplate\":\"https:\\\/\\\/dev2023.sergelifar.org\\\/en\\\/?s={search_term_string}\"},\"query-input\":{\"@type\":\"PropertyValueSpecification\",\"valueRequired\":true,\"valueName\":\"search_term_string\"}}],\"inLanguage\":\"ru-RU\"}]}<\/script>\n<!-- \/ Yoast SEO plugin. -->","yoast_head_json":{"title":"L\u2019Ecuy\u00e8re - Serge Lifar","description":"Ballet de Serge Lifar sur une musique de Joseph Kosma, d\u00e9cors et costume de Constantin Nepo (1948)","robots":{"index":"index","follow":"follow","max-snippet":"max-snippet:-1","max-image-preview":"max-image-preview:large","max-video-preview":"max-video-preview:-1"},"canonical":"https:\/\/www.sergelifar.org\/ru\/\u0445\u043e\u0440\u0435\u043e\u0433\u0440\u0430\u0444\u0438\u0438\/autres-ballets\/lecuyere\/","og_locale":"ru_RU","og_type":"article","og_title":"L\u2019Ecuy\u00e8re - Serge Lifar","og_description":"Ballet de Serge Lifar sur une musique de Joseph Kosma, d\u00e9cors et costume de Constantin Nepo (1948)","og_url":"https:\/\/www.sergelifar.org\/ru\/\u0445\u043e\u0440\u0435\u043e\u0433\u0440\u0430\u0444\u0438\u0438\/autres-ballets\/lecuyere\/","og_site_name":"Serge Lifar","article_modified_time":"2025-06-11T08:40:04+00:00","twitter_card":"summary_large_image","twitter_misc":{"\u041f\u0440\u0438\u043c\u0435\u0440\u043d\u043e\u0435 \u0432\u0440\u0435\u043c\u044f \u0434\u043b\u044f \u0447\u0442\u0435\u043d\u0438\u044f":"1 \u043c\u0438\u043d\u0443\u0442\u0430"},"schema":{"@context":"https:\/\/schema.org","@graph":[{"@type":"WebPage","@id":"https:\/\/www.sergelifar.org\/ru\/%d1%85%d0%be%d1%80%d0%b5%d0%be%d0%b3%d1%80%d0%b0%d1%84%d0%b8%d0%b8\/autres-ballets\/lecuyere\/","url":"https:\/\/www.sergelifar.org\/ru\/%d1%85%d0%be%d1%80%d0%b5%d0%be%d0%b3%d1%80%d0%b0%d1%84%d0%b8%d0%b8\/autres-ballets\/lecuyere\/","name":"L\u2019Ecuy\u00e8re - Serge Lifar","isPartOf":{"@id":"https:\/\/dev2023.sergelifar.org\/en\/#website"},"datePublished":"2025-06-10T10:31:40+00:00","dateModified":"2025-06-11T08:40:04+00:00","description":"Ballet de Serge Lifar sur une musique de Joseph Kosma, d\u00e9cors et costume de Constantin Nepo (1948)","breadcrumb":{"@id":"https:\/\/www.sergelifar.org\/ru\/%d1%85%d0%be%d1%80%d0%b5%d0%be%d0%b3%d1%80%d0%b0%d1%84%d0%b8%d0%b8\/autres-ballets\/lecuyere\/#breadcrumb"},"inLanguage":"ru-RU","potentialAction":[{"@type":"ReadAction","target":["https:\/\/www.sergelifar.org\/ru\/%d1%85%d0%be%d1%80%d0%b5%d0%be%d0%b3%d1%80%d0%b0%d1%84%d0%b8%d0%b8\/autres-ballets\/lecuyere\/"]}]},{"@type":"BreadcrumbList","@id":"https:\/\/www.sergelifar.org\/ru\/%d1%85%d0%be%d1%80%d0%b5%d0%be%d0%b3%d1%80%d0%b0%d1%84%d0%b8%d0%b8\/autres-ballets\/lecuyere\/#breadcrumb","itemListElement":[{"@type":"ListItem","position":1,"name":"Accueil","item":"https:\/\/www.sergelifar.org\/ru\/"},{"@type":"ListItem","position":2,"name":"\u0425\u043e\u0440\u0435\u043e\u0433\u0440\u0430\u0444\u0438\u0447\u0435\u0441\u043a\u0438\u0435 \u043f\u043e\u0441\u0442\u0430\u043d\u043e\u0432\u043a\u0438","item":"https:\/\/www.sergelifar.org\/ru\/%d1%85%d0%be%d1%80%d0%b5%d0%be%d0%b3%d1%80%d0%b0%d1%84%d0%b8%d0%b8\/"},{"@type":"ListItem","position":3,"name":"Autres ballets","item":"https:\/\/www.sergelifar.org\/ru\/%d1%85%d0%be%d1%80%d0%b5%d0%be%d0%b3%d1%80%d0%b0%d1%84%d0%b8%d0%b8\/autres-ballets\/"},{"@type":"ListItem","position":4,"name":"L\u2019Ecuy\u00e8re"}]},{"@type":"WebSite","@id":"https:\/\/dev2023.sergelifar.org\/en\/#website","url":"https:\/\/dev2023.sergelifar.org\/en\/","name":"Serge Lifar","description":"Site officiel de la Fondation Serge Lifar","potentialAction":[{"@type":"SearchAction","target":{"@type":"EntryPoint","urlTemplate":"https:\/\/dev2023.sergelifar.org\/en\/?s={search_term_string}"},"query-input":{"@type":"PropertyValueSpecification","valueRequired":true,"valueName":"search_term_string"}}],"inLanguage":"ru-RU"}]}},"_links":{"self":[{"href":"https:\/\/www.sergelifar.org\/ru\/wp-json\/wp\/v2\/pages\/8183","targetHints":{"allow":["GET"]}}],"collection":[{"href":"https:\/\/www.sergelifar.org\/ru\/wp-json\/wp\/v2\/pages"}],"about":[{"href":"https:\/\/www.sergelifar.org\/ru\/wp-json\/wp\/v2\/types\/page"}],"author":[{"embeddable":true,"href":"https:\/\/www.sergelifar.org\/ru\/wp-json\/wp\/v2\/users\/2"}],"replies":[{"embeddable":true,"href":"https:\/\/www.sergelifar.org\/ru\/wp-json\/wp\/v2\/comments?post=8183"}],"version-history":[{"count":2,"href":"https:\/\/www.sergelifar.org\/ru\/wp-json\/wp\/v2\/pages\/8183\/revisions"}],"predecessor-version":[{"id":8189,"href":"https:\/\/www.sergelifar.org\/ru\/wp-json\/wp\/v2\/pages\/8183\/revisions\/8189"}],"up":[{"embeddable":true,"href":"https:\/\/www.sergelifar.org\/ru\/wp-json\/wp\/v2\/pages\/7159"}],"wp:attachment":[{"href":"https:\/\/www.sergelifar.org\/ru\/wp-json\/wp\/v2\/media?parent=8183"}],"curies":[{"name":"wp","href":"https:\/\/api.w.org\/{rel}","templated":true}]}}