{"id":6713,"date":"2023-02-10T21:09:20","date_gmt":"2023-02-10T21:09:20","guid":{"rendered":"https:\/\/dev2023.sergelifar.org\/%d1%85%d0%be%d1%80%d0%b5%d0%be%d0%b3%d1%80%d0%b0%d1%84%d0%b8%d0%b8\/aeneas\/"},"modified":"2024-03-11T11:53:21","modified_gmt":"2024-03-11T10:53:21","slug":"aeneas","status":"publish","type":"page","link":"https:\/\/www.sergelifar.org\/ru\/%d1%85%d0%be%d1%80%d0%b5%d0%be%d0%b3%d1%80%d0%b0%d1%84%d0%b8%d0%b8\/autres-ballets\/aeneas\/","title":{"rendered":"Aeneas"},"content":{"rendered":"<div id=\"pl-6713\"  class=\"panel-layout\" ><div id=\"pg-6713-0\"  class=\"panel-grid panel-no-style\" ><div id=\"pgc-6713-0-0\"  class=\"panel-grid-cell\" ><div id=\"panel-6713-0-0-0\" class=\"so-panel widget widget_sow-editor panel-first-child panel-last-child\" data-index=\"0\" ><div\n\t\t\t\n\t\t\tclass=\"so-widget-sow-editor so-widget-sow-editor-base\"\n\t\t\t\n\t\t>\n<div class=\"siteorigin-widget-tinymce textwidget\">\n\t<p>Ballet en 1 acte&nbsp;&nbsp;<\/p>\n<p>Premi\u00e8re : le 4 avril 1938 \u00e0 l\u2019Op\u00e9ra de Paris<\/p>\n<p>Musique&nbsp;: Albert Roussel<\/p>\n<p>Argument&nbsp;(ou livret) : J. Weterings<\/p>\n<p>D\u00e9cors&nbsp;et costumes&nbsp;: Moulaert<\/p>\n<p>Direction musicale&nbsp;: Philippe Gaubert<\/p>\n<p>Principaux interpr\u00e8tes : Paulette Dynalix et Genevi\u00e8ve Kergrist (les Ombres), Paul Goub\u00e9, Serge Lifar (Aeneas), Suzanne Lorcia (Didon), Serge Peretti<\/p>\n<p style=\"text-align: center;\">* * * * * * * *<\/p>\n<p>\u00ab D\u2019accord avec Albert Roussel et M. J. Weterings, j\u2019ai d\u00e9coup\u00e9 le ballet d\u2019<em>Aeneas<\/em> en deux tableaux distincts, qui font contraste. Le premier tableau, d\u2019une inspiration lyrico-dramatique, d\u2019une tonalit\u00e9 plus franchement classique, comprend les tentations d\u2019Aeneas, son combat int\u00e9rieur, les chants et les danses des joies funestes&nbsp;; le second tableau, d\u2019un caract\u00e8re h\u00e9ro\u00efque, est l\u2019apoth\u00e9ose du h\u00e9ros dans la post\u00e9rit\u00e9, il pr\u00e9sente un <em>ballabile<\/em> d\u2019un type nouveau, b\u00e2ti en contrepoint, ce qui l\u2019anime d\u2019une expression vitale et neuve. Aeneas reste perp\u00e9tuellement en sc\u00e8ne, son image est minutieusement d\u00e9taill\u00e9e, celle de Didon est une sorte d\u2019esquisse, achev\u00e9e et nette, quoiqu\u2019en peu de traits.<\/p>\n<p>J\u2019ai dit qu\u2019Aeneas restait perp\u00e9tuellement en sc\u00e8ne, mais je m\u2019empresse de restreindre le sens de cette phrase. Pratiquement, Aeneas ne quitte jamais le plateau ; au point de vue de la danse, par contre, il y a des moments o\u00f9 il sort du champ visuel et ces \u00ab trous \u00bb ne sont combl\u00e9s par aucune pantomine. \u00bb<\/p>\n<p>Serge Lifar, <em>La Danse<\/em>, Editions Gonthier S.A., Gen\u00e8ve, 1965 (p. 157)<\/p>\nngg_shortcode_0_placeholder\n<\/div>\n<\/div><\/div><\/div><\/div><\/div>","protected":false},"excerpt":{"rendered":"<p>Ballet en 1 acte&nbsp;&nbsp; Premi\u00e8re : le 4 avril 1938 \u00e0 l\u2019Op\u00e9ra de Paris Musique&nbsp;: Albert Roussel Argument&nbsp;(ou livret) : J. Weterings D\u00e9cors&nbsp;et costumes&nbsp;: Moulaert Direction musicale&nbsp;: Philippe Gaubert Principaux interpr\u00e8tes : Paulette Dynalix et Genevi\u00e8ve Kergrist (les Ombres), Paul Goub\u00e9, Serge Lifar (Aeneas), Suzanne Lorcia (Didon), Serge Peretti * * * * * * <\/p>\n","protected":false},"author":2,"featured_media":0,"parent":7159,"menu_order":0,"comment_status":"closed","ping_status":"closed","template":"template-sousmenu.php","meta":{"_acf_changed":false,"ngg_post_thumbnail":0,"footnotes":""},"class_list":["post-6713","page","type-page","status-publish","hentry"],"acf":[],"yoast_head":"<!-- This site is optimized with the Yoast SEO plugin v27.4 - https:\/\/yoast.com\/product\/yoast-seo-wordpress\/ -->\n<title>Aeneas - Serge Lifar<\/title>\n<meta name=\"robots\" content=\"index, follow, max-snippet:-1, max-image-preview:large, max-video-preview:-1\" \/>\n<link rel=\"canonical\" href=\"https:\/\/www.sergelifar.org\/choregraphies\/autres-ballets\/aeneas\/\" \/>\n<meta property=\"og:locale\" content=\"ru_RU\" \/>\n<meta property=\"og:type\" content=\"article\" \/>\n<meta property=\"og:title\" content=\"Aeneas - Serge Lifar\" \/>\n<meta property=\"og:description\" content=\"Ballet en 1 acte&nbsp;&nbsp; Premi\u00e8re : le 4 avril 1938 \u00e0 l\u2019Op\u00e9ra de Paris Musique&nbsp;: Albert Roussel Argument&nbsp;(ou livret) : J. Weterings D\u00e9cors&nbsp;et costumes&nbsp;: Moulaert Direction musicale&nbsp;: Philippe Gaubert Principaux interpr\u00e8tes : Paulette Dynalix et Genevi\u00e8ve Kergrist (les Ombres), Paul Goub\u00e9, Serge Lifar (Aeneas), Suzanne Lorcia (Didon), Serge Peretti * * * * * *\" \/>\n<meta property=\"og:url\" content=\"https:\/\/www.sergelifar.org\/choregraphies\/autres-ballets\/aeneas\/\" \/>\n<meta property=\"og:site_name\" content=\"Serge Lifar\" \/>\n<meta property=\"article:modified_time\" content=\"2024-03-11T10:53:21+00:00\" \/>\n<meta name=\"twitter:card\" content=\"summary_large_image\" \/>\n<meta name=\"twitter:label1\" content=\"\u041f\u0440\u0438\u043c\u0435\u0440\u043d\u043e\u0435 \u0432\u0440\u0435\u043c\u044f \u0434\u043b\u044f \u0447\u0442\u0435\u043d\u0438\u044f\" \/>\n\t<meta name=\"twitter:data1\" content=\"1 \u043c\u0438\u043d\u0443\u0442\u0430\" \/>\n<script type=\"application\/ld+json\" class=\"yoast-schema-graph\">{\"@context\":\"https:\\\/\\\/schema.org\",\"@graph\":[{\"@type\":\"WebPage\",\"@id\":\"https:\\\/\\\/www.sergelifar.org\\\/choregraphies\\\/autres-ballets\\\/aeneas\\\/\",\"url\":\"https:\\\/\\\/www.sergelifar.org\\\/choregraphies\\\/autres-ballets\\\/aeneas\\\/\",\"name\":\"Aeneas - Serge Lifar\",\"isPartOf\":{\"@id\":\"https:\\\/\\\/dev2023.sergelifar.org\\\/en\\\/#website\"},\"datePublished\":\"2023-02-10T21:09:20+00:00\",\"dateModified\":\"2024-03-11T10:53:21+00:00\",\"breadcrumb\":{\"@id\":\"https:\\\/\\\/www.sergelifar.org\\\/choregraphies\\\/autres-ballets\\\/aeneas\\\/#breadcrumb\"},\"inLanguage\":\"ru-RU\",\"potentialAction\":[{\"@type\":\"ReadAction\",\"target\":[\"https:\\\/\\\/www.sergelifar.org\\\/choregraphies\\\/autres-ballets\\\/aeneas\\\/\"]}]},{\"@type\":\"BreadcrumbList\",\"@id\":\"https:\\\/\\\/www.sergelifar.org\\\/choregraphies\\\/autres-ballets\\\/aeneas\\\/#breadcrumb\",\"itemListElement\":[{\"@type\":\"ListItem\",\"position\":1,\"name\":\"Accueil\",\"item\":\"https:\\\/\\\/www.sergelifar.org\\\/ru\\\/\"},{\"@type\":\"ListItem\",\"position\":2,\"name\":\"\u0425\u043e\u0440\u0435\u043e\u0433\u0440\u0430\u0444\u0438\u0447\u0435\u0441\u043a\u0438\u0435 \u043f\u043e\u0441\u0442\u0430\u043d\u043e\u0432\u043a\u0438\",\"item\":\"https:\\\/\\\/www.sergelifar.org\\\/ru\\\/%d1%85%d0%be%d1%80%d0%b5%d0%be%d0%b3%d1%80%d0%b0%d1%84%d0%b8%d0%b8\\\/\"},{\"@type\":\"ListItem\",\"position\":3,\"name\":\"Autres ballets\",\"item\":\"https:\\\/\\\/www.sergelifar.org\\\/ru\\\/%d1%85%d0%be%d1%80%d0%b5%d0%be%d0%b3%d1%80%d0%b0%d1%84%d0%b8%d0%b8\\\/autres-ballets\\\/\"},{\"@type\":\"ListItem\",\"position\":4,\"name\":\"Aeneas\"}]},{\"@type\":\"WebSite\",\"@id\":\"https:\\\/\\\/dev2023.sergelifar.org\\\/en\\\/#website\",\"url\":\"https:\\\/\\\/dev2023.sergelifar.org\\\/en\\\/\",\"name\":\"Serge Lifar\",\"description\":\"Site officiel de la Fondation Serge Lifar\",\"potentialAction\":[{\"@type\":\"SearchAction\",\"target\":{\"@type\":\"EntryPoint\",\"urlTemplate\":\"https:\\\/\\\/dev2023.sergelifar.org\\\/en\\\/?s={search_term_string}\"},\"query-input\":{\"@type\":\"PropertyValueSpecification\",\"valueRequired\":true,\"valueName\":\"search_term_string\"}}],\"inLanguage\":\"ru-RU\"}]}<\/script>\n<!-- \/ Yoast SEO plugin. -->","yoast_head_json":{"title":"Aeneas - Serge Lifar","robots":{"index":"index","follow":"follow","max-snippet":"max-snippet:-1","max-image-preview":"max-image-preview:large","max-video-preview":"max-video-preview:-1"},"canonical":"https:\/\/www.sergelifar.org\/choregraphies\/autres-ballets\/aeneas\/","og_locale":"ru_RU","og_type":"article","og_title":"Aeneas - Serge Lifar","og_description":"Ballet en 1 acte&nbsp;&nbsp; Premi\u00e8re : le 4 avril 1938 \u00e0 l\u2019Op\u00e9ra de Paris Musique&nbsp;: Albert Roussel Argument&nbsp;(ou livret) : J. Weterings D\u00e9cors&nbsp;et costumes&nbsp;: Moulaert Direction musicale&nbsp;: Philippe Gaubert Principaux interpr\u00e8tes : Paulette Dynalix et Genevi\u00e8ve Kergrist (les Ombres), Paul Goub\u00e9, Serge Lifar (Aeneas), Suzanne Lorcia (Didon), Serge Peretti * * * * * *","og_url":"https:\/\/www.sergelifar.org\/choregraphies\/autres-ballets\/aeneas\/","og_site_name":"Serge Lifar","article_modified_time":"2024-03-11T10:53:21+00:00","twitter_card":"summary_large_image","twitter_misc":{"\u041f\u0440\u0438\u043c\u0435\u0440\u043d\u043e\u0435 \u0432\u0440\u0435\u043c\u044f \u0434\u043b\u044f \u0447\u0442\u0435\u043d\u0438\u044f":"1 \u043c\u0438\u043d\u0443\u0442\u0430"},"schema":{"@context":"https:\/\/schema.org","@graph":[{"@type":"WebPage","@id":"https:\/\/www.sergelifar.org\/choregraphies\/autres-ballets\/aeneas\/","url":"https:\/\/www.sergelifar.org\/choregraphies\/autres-ballets\/aeneas\/","name":"Aeneas - Serge Lifar","isPartOf":{"@id":"https:\/\/dev2023.sergelifar.org\/en\/#website"},"datePublished":"2023-02-10T21:09:20+00:00","dateModified":"2024-03-11T10:53:21+00:00","breadcrumb":{"@id":"https:\/\/www.sergelifar.org\/choregraphies\/autres-ballets\/aeneas\/#breadcrumb"},"inLanguage":"ru-RU","potentialAction":[{"@type":"ReadAction","target":["https:\/\/www.sergelifar.org\/choregraphies\/autres-ballets\/aeneas\/"]}]},{"@type":"BreadcrumbList","@id":"https:\/\/www.sergelifar.org\/choregraphies\/autres-ballets\/aeneas\/#breadcrumb","itemListElement":[{"@type":"ListItem","position":1,"name":"Accueil","item":"https:\/\/www.sergelifar.org\/ru\/"},{"@type":"ListItem","position":2,"name":"\u0425\u043e\u0440\u0435\u043e\u0433\u0440\u0430\u0444\u0438\u0447\u0435\u0441\u043a\u0438\u0435 \u043f\u043e\u0441\u0442\u0430\u043d\u043e\u0432\u043a\u0438","item":"https:\/\/www.sergelifar.org\/ru\/%d1%85%d0%be%d1%80%d0%b5%d0%be%d0%b3%d1%80%d0%b0%d1%84%d0%b8%d0%b8\/"},{"@type":"ListItem","position":3,"name":"Autres ballets","item":"https:\/\/www.sergelifar.org\/ru\/%d1%85%d0%be%d1%80%d0%b5%d0%be%d0%b3%d1%80%d0%b0%d1%84%d0%b8%d0%b8\/autres-ballets\/"},{"@type":"ListItem","position":4,"name":"Aeneas"}]},{"@type":"WebSite","@id":"https:\/\/dev2023.sergelifar.org\/en\/#website","url":"https:\/\/dev2023.sergelifar.org\/en\/","name":"Serge Lifar","description":"Site officiel de la Fondation Serge Lifar","potentialAction":[{"@type":"SearchAction","target":{"@type":"EntryPoint","urlTemplate":"https:\/\/dev2023.sergelifar.org\/en\/?s={search_term_string}"},"query-input":{"@type":"PropertyValueSpecification","valueRequired":true,"valueName":"search_term_string"}}],"inLanguage":"ru-RU"}]}},"_links":{"self":[{"href":"https:\/\/www.sergelifar.org\/ru\/wp-json\/wp\/v2\/pages\/6713","targetHints":{"allow":["GET"]}}],"collection":[{"href":"https:\/\/www.sergelifar.org\/ru\/wp-json\/wp\/v2\/pages"}],"about":[{"href":"https:\/\/www.sergelifar.org\/ru\/wp-json\/wp\/v2\/types\/page"}],"author":[{"embeddable":true,"href":"https:\/\/www.sergelifar.org\/ru\/wp-json\/wp\/v2\/users\/2"}],"replies":[{"embeddable":true,"href":"https:\/\/www.sergelifar.org\/ru\/wp-json\/wp\/v2\/comments?post=6713"}],"version-history":[{"count":3,"href":"https:\/\/www.sergelifar.org\/ru\/wp-json\/wp\/v2\/pages\/6713\/revisions"}],"predecessor-version":[{"id":7121,"href":"https:\/\/www.sergelifar.org\/ru\/wp-json\/wp\/v2\/pages\/6713\/revisions\/7121"}],"up":[{"embeddable":true,"href":"https:\/\/www.sergelifar.org\/ru\/wp-json\/wp\/v2\/pages\/7159"}],"wp:attachment":[{"href":"https:\/\/www.sergelifar.org\/ru\/wp-json\/wp\/v2\/media?parent=6713"}],"curies":[{"name":"wp","href":"https:\/\/api.w.org\/{rel}","templated":true}]}}