{"id":6641,"date":"2024-01-17T11:36:10","date_gmt":"2024-01-17T10:36:10","guid":{"rendered":"https:\/\/dev2023.sergelifar.org\/%d1%85%d0%be%d1%80%d0%b5%d0%be%d0%b3%d1%80%d0%b0%d1%84%d0%b8%d0%b8\/blanche-neige\/"},"modified":"2025-03-19T10:31:11","modified_gmt":"2025-03-19T09:31:11","slug":"blanche-neige","status":"publish","type":"page","link":"https:\/\/www.sergelifar.org\/ru\/%d1%85%d0%be%d1%80%d0%b5%d0%be%d0%b3%d1%80%d0%b0%d1%84%d0%b8%d0%b8\/autres-ballets\/blanche-neige\/","title":{"rendered":"Blanche-Neige"},"content":{"rendered":"<div id=\"pl-6641\"  class=\"panel-layout\" ><div id=\"pg-6641-0\"  class=\"panel-grid panel-no-style\" ><div id=\"pgc-6641-0-0\"  class=\"panel-grid-cell\" ><div id=\"panel-6641-0-0-0\" class=\"so-panel widget widget_sow-editor panel-first-child panel-last-child\" data-index=\"0\" ><div\n\t\t\t\n\t\t\tclass=\"so-widget-sow-editor so-widget-sow-editor-base\"\n\t\t\t\n\t\t>\n<div class=\"siteorigin-widget-tinymce textwidget\">\n\t<p>Ballet en 3 actes et 6 tableaux<\/p>\n<p>Premi\u00e8re : le 14 novembre 1951 \u00e0 l\u2019Op\u00e9ra de Paris<\/p>\n<p>Musique&nbsp;: Maurice Yvain<\/p>\n<p>Argument&nbsp;(ou livret) : d\u2019apr\u00e8s un conte des fr\u00e8res Grimm<\/p>\n<p>D\u00e9cors&nbsp;et costumes&nbsp;: Dimitri Bouch\u00e8ne<\/p>\n<p>Direction musicale&nbsp;: Louis Fourestier<\/p>\n<p>Principaux interpr\u00e8tes&nbsp;: Jean-Paul Andr\u00e9ani (le Prince charmant), Xavier Andr\u00e9ani (le Vallet de la reine), Claude Bessy (la Libellule), Max Bozzoni (l\u2019Homme de la For\u00eat), Josette Clavier (la Luciole), Liane Dayd\u00e9 (Blanche-Neige), Serge Lifar (le Chasseur), Jacqueline Rayet (la F\u00e9e), Nina Vyroubova (la Reine)<\/p>\n<p>Pierre Auburtin, Raoul Bari, Michel Descombey, Roland Duflot, Nicolas Effimoff, Raymond Franchetti, Romand (les Nains)<\/p>\n<p style=\"text-align: center;\">* * * * * * * *<\/p>\n<p>\u00ab&nbsp;Blanche-Neige fut pr\u00e9sent\u00e9 le 14 novembre 1951, r\u00e9gl\u00e9 sur la musique de Maurice Yvain et un livret tir\u00e9 du conte populaire des fr\u00e8res Grimm. Ce th\u00e8me utilis\u00e9 au XIX<sup>e <\/sup>si\u00e8cle par Nicolas Rimsky-Korsakov pour le c\u00e9l\u00e8bre Op\u00e9ra russe&nbsp;; puis au XX<sup>e<\/sup>, par Alexandre Gretchaninov qui composa une musique de sc\u00e8ne pour le Th\u00e9\u00e2tre Artistique de Moscou. Ce conte servit aussi d\u2019argument \u00e0 des f\u00e9eries. Mais il n\u2019avait jamais encore \u00e9t\u00e9 trait\u00e9 chor\u00e9graphiquement. Liane Dayd\u00e9, \u00e0 peine sortie de l\u2019\u00e9cole, \u00e9tait bien \u00e0 sa place dans ce r\u00f4le. Nina Vyroubova fut la m\u00e9chante Reine&nbsp;; Serge Lifar&nbsp;: le Chasseur&nbsp;; Andr\u00e9ani&nbsp;: le Prince, et Max Bozzoni&nbsp;: l\u2019Homme de la for\u00eat. Nicolas Efimoff \u00e9tait le chef des nains et Claude Bessy apparaissait en libellule.<\/p>\n<p>Le livret suivait fid\u00e8lement le conte. Le premier tableau d\u00e9butait par la sc\u00e8ne du miroir de la Reine qui donnait l\u2019ordre de tuer Blanche-Neige dans la for\u00eat&nbsp;; suivait l\u2019\u00e9pisode du Chasseur qui, \u00e9mu de la gentillesse de la jeune fille, tuait un faon dont il apportait le c\u0153ur \u00e0 la m\u00e9chante Reine, tandis que Blanche-Neige d\u00e9couvrait la cabane des nains et s\u2019y installait. Le deuxi\u00e8me tableau repr\u00e9sentait le retour des nains, l\u2019effroi de Blanche-Neige, puis leur amiti\u00e9 et les trois tentatives de meurtre ourdies par la Reine. Les deux premi\u00e8res, l\u2019empoisonnement par le peigne et l\u2019\u00e9tranglement, furent emp\u00each\u00e9es par les nains revenus \u00e0 temps pour sauver Blanche-Neige. Mais, la troisi\u00e8me fois, ils ne pouvaient plus que la pleurer, la Reine ayant offert \u00e0 Blanche-Neige trop confiante une pomme empoisonn\u00e9e. L\u2019apparition du Prince qui d\u00e9cidait de faire des fun\u00e9railles magnifiques \u00e0 une si belle jeune fille, et l\u2019intervention de la F\u00e9e qui lui rendait la vie, terminaient heureusement l\u2019histoire, mais laissaient les nains abandonn\u00e9s dans l\u2019affliction. Le dernier tableau, o\u00f9 le pardon de Blanche-Neige arr\u00eatait la vengeance des nains contre la Reine et le Chasseur, se terminait par les f\u00eates du mariage comme dans <em>La Belle au Bois Dormant<\/em>, au sujet assez voisin.<\/p>\n<p>Ce th\u00e8me simple et pr\u00e9cis \u00e9tait r\u00e9gl\u00e9 avec un souci de po\u00e9sie na\u00efve, sans recours \u00e0 la magnificence des mises en sc\u00e8ne de Marius Petipa et de ses \u00e9l\u00e8ves. Liane Dayd\u00e9 ressemblait plus \u00e0 une touchante paysanne d\u00e9guis\u00e9e en princesse par l\u2019imagination populaire, qu\u2019\u00e0 une des poup\u00e9es de luxe des grands ballets-f\u00e9eries. Et le Prince \u00e9tait charmant parce que jeune, beau, et qu\u2019il dansait bien&nbsp;: il \u00e9tait tel que les po\u00e8tes folkloriques se repr\u00e9sentaient les princes, simple et gentil. La mise en sc\u00e8ne s\u2019apparentait aux enluminures des temps anciens, sans faste ni lourdeur superflus. C\u2019\u00e9tait vraiment l\u2019histoire touchante d\u2019une pauvre petite fille tourment\u00e9e \u00e0 mort par une m\u00e9chante mar\u00e2tre, sauv\u00e9e par les bons forestiers, et trouvant un joli gar\u00e7on qui, touch\u00e9 par sa bont\u00e9 et sa gentillesse, voulait l\u2019\u00e9pouser. Quant aux \u00ab&nbsp;prince et princesse&nbsp;\u00bb, il faut dire que dans les villages russes la nouvelle mari\u00e9e est toujours appel\u00e9e princesse et son \u00e9poux prince, puisque \u00e0 l\u2019\u00e9glise on leur pose des couronnes dor\u00e9es sur la t\u00eate. <em>Blanche-Neige<\/em> \u00e9tait donc princesse pour les humbles et les bons, et c\u2019est ainsi que les spectateurs l\u2019ont aim\u00e9e.<\/p>\n<p>Ce ballet donna \u00e0 Lifar l\u2019occasion de se montrer non dans le r\u00f4le du prince charmant, noble et amoureux, mais dans celui d\u2019un serviteur, instrument de la reine, et qui pourtant, dans une sc\u00e8ne remarquablement jou\u00e9e, se sent touch\u00e9 par la bont\u00e9 et \u00e9vite le crime. La chasse et la marche dans la for\u00eat lui fournissaient l\u2019occasion d\u2019accomplir des prouesses de virtuosit\u00e9. Quant \u00e0 Nina Vyroubova, elle donnait \u00e0 la reine une froideur aigu\u00eb et une beaut\u00e9 glac\u00e9e qui contrastaient avec la candeur enfantine de Blanche-Neige.<\/p>\n<p>Ce ballet malgr\u00e9 son grand succ\u00e8s ne fut pas retenu au r\u00e9pertoire par Lifar qui tient plus \u00e0 montrer des \u0153uvres nouvelles qu\u2019\u00e0 reprendre ses cr\u00e9ations anciennes. Les d\u00e9cors et costumes de Dimitri Bouch\u00e8ne ajoutaient \u00e0 cette f\u00e9erie une note po\u00e9tique qui transformait ce ballet en v\u00e9ritable enchantement.&nbsp;\u00bb<\/p>\n<p><em>Serge Lifar r\u00e9novateur du ballet fran\u00e7ais<\/em> par Jean Laurent et Julie Sazonova, Buchet\/Chastel Corr\u00eaa, Paris, 1960 (pp. 181-182)<\/p>\nngg_shortcode_0_placeholder\n<\/div>\n<\/div><\/div><\/div><\/div><\/div>","protected":false},"excerpt":{"rendered":"<p>Ballet en 3 actes et 6 tableaux Premi\u00e8re : le 14 novembre 1951 \u00e0 l\u2019Op\u00e9ra de Paris Musique&nbsp;: Maurice Yvain Argument&nbsp;(ou livret) : d\u2019apr\u00e8s un conte des fr\u00e8res Grimm D\u00e9cors&nbsp;et costumes&nbsp;: Dimitri Bouch\u00e8ne Direction musicale&nbsp;: Louis Fourestier Principaux interpr\u00e8tes&nbsp;: Jean-Paul Andr\u00e9ani (le Prince charmant), Xavier Andr\u00e9ani (le Vallet de la reine), Claude Bessy (la Libellule), <\/p>\n","protected":false},"author":2,"featured_media":0,"parent":7159,"menu_order":0,"comment_status":"closed","ping_status":"closed","template":"template-sousmenu.php","meta":{"_acf_changed":false,"ngg_post_thumbnail":0,"footnotes":""},"class_list":["post-6641","page","type-page","status-publish","hentry"],"acf":[],"yoast_head":"<!-- This site is optimized with the Yoast SEO plugin v27.4 - https:\/\/yoast.com\/product\/yoast-seo-wordpress\/ -->\n<title>Blanche-Neige - Serge Lifar<\/title>\n<meta name=\"robots\" content=\"index, follow, max-snippet:-1, max-image-preview:large, max-video-preview:-1\" \/>\n<link rel=\"canonical\" href=\"https:\/\/www.sergelifar.org\/ru\/\u0445\u043e\u0440\u0435\u043e\u0433\u0440\u0430\u0444\u0438\u0438\/autres-ballets\/blanche-neige\/\" \/>\n<meta property=\"og:locale\" content=\"ru_RU\" \/>\n<meta property=\"og:type\" content=\"article\" \/>\n<meta property=\"og:title\" content=\"Blanche-Neige - Serge Lifar\" \/>\n<meta property=\"og:description\" content=\"Ballet en 3 actes et 6 tableaux Premi\u00e8re : le 14 novembre 1951 \u00e0 l\u2019Op\u00e9ra de Paris Musique&nbsp;: Maurice Yvain Argument&nbsp;(ou livret) : d\u2019apr\u00e8s un conte des fr\u00e8res Grimm D\u00e9cors&nbsp;et costumes&nbsp;: Dimitri Bouch\u00e8ne Direction musicale&nbsp;: Louis Fourestier Principaux interpr\u00e8tes&nbsp;: Jean-Paul Andr\u00e9ani (le Prince charmant), Xavier Andr\u00e9ani (le Vallet de la reine), Claude Bessy (la Libellule),\" \/>\n<meta property=\"og:url\" content=\"https:\/\/www.sergelifar.org\/ru\/\u0445\u043e\u0440\u0435\u043e\u0433\u0440\u0430\u0444\u0438\u0438\/autres-ballets\/blanche-neige\/\" \/>\n<meta property=\"og:site_name\" content=\"Serge Lifar\" \/>\n<meta property=\"article:modified_time\" content=\"2025-03-19T09:31:11+00:00\" \/>\n<meta name=\"twitter:card\" content=\"summary_large_image\" \/>\n<meta name=\"twitter:label1\" content=\"\u041f\u0440\u0438\u043c\u0435\u0440\u043d\u043e\u0435 \u0432\u0440\u0435\u043c\u044f \u0434\u043b\u044f \u0447\u0442\u0435\u043d\u0438\u044f\" \/>\n\t<meta name=\"twitter:data1\" content=\"4 \u043c\u0438\u043d\u0443\u0442\u044b\" \/>\n<script type=\"application\/ld+json\" class=\"yoast-schema-graph\">{\"@context\":\"https:\\\/\\\/schema.org\",\"@graph\":[{\"@type\":\"WebPage\",\"@id\":\"https:\\\/\\\/www.sergelifar.org\\\/ru\\\/%d1%85%d0%be%d1%80%d0%b5%d0%be%d0%b3%d1%80%d0%b0%d1%84%d0%b8%d0%b8\\\/autres-ballets\\\/blanche-neige\\\/\",\"url\":\"https:\\\/\\\/www.sergelifar.org\\\/ru\\\/%d1%85%d0%be%d1%80%d0%b5%d0%be%d0%b3%d1%80%d0%b0%d1%84%d0%b8%d0%b8\\\/autres-ballets\\\/blanche-neige\\\/\",\"name\":\"Blanche-Neige - Serge Lifar\",\"isPartOf\":{\"@id\":\"https:\\\/\\\/dev2023.sergelifar.org\\\/en\\\/#website\"},\"datePublished\":\"2024-01-17T10:36:10+00:00\",\"dateModified\":\"2025-03-19T09:31:11+00:00\",\"breadcrumb\":{\"@id\":\"https:\\\/\\\/www.sergelifar.org\\\/ru\\\/%d1%85%d0%be%d1%80%d0%b5%d0%be%d0%b3%d1%80%d0%b0%d1%84%d0%b8%d0%b8\\\/autres-ballets\\\/blanche-neige\\\/#breadcrumb\"},\"inLanguage\":\"ru-RU\",\"potentialAction\":[{\"@type\":\"ReadAction\",\"target\":[\"https:\\\/\\\/www.sergelifar.org\\\/ru\\\/%d1%85%d0%be%d1%80%d0%b5%d0%be%d0%b3%d1%80%d0%b0%d1%84%d0%b8%d0%b8\\\/autres-ballets\\\/blanche-neige\\\/\"]}]},{\"@type\":\"BreadcrumbList\",\"@id\":\"https:\\\/\\\/www.sergelifar.org\\\/ru\\\/%d1%85%d0%be%d1%80%d0%b5%d0%be%d0%b3%d1%80%d0%b0%d1%84%d0%b8%d0%b8\\\/autres-ballets\\\/blanche-neige\\\/#breadcrumb\",\"itemListElement\":[{\"@type\":\"ListItem\",\"position\":1,\"name\":\"Accueil\",\"item\":\"https:\\\/\\\/www.sergelifar.org\\\/ru\\\/\"},{\"@type\":\"ListItem\",\"position\":2,\"name\":\"\u0425\u043e\u0440\u0435\u043e\u0433\u0440\u0430\u0444\u0438\u0447\u0435\u0441\u043a\u0438\u0435 \u043f\u043e\u0441\u0442\u0430\u043d\u043e\u0432\u043a\u0438\",\"item\":\"https:\\\/\\\/www.sergelifar.org\\\/ru\\\/%d1%85%d0%be%d1%80%d0%b5%d0%be%d0%b3%d1%80%d0%b0%d1%84%d0%b8%d0%b8\\\/\"},{\"@type\":\"ListItem\",\"position\":3,\"name\":\"Autres ballets\",\"item\":\"https:\\\/\\\/www.sergelifar.org\\\/ru\\\/%d1%85%d0%be%d1%80%d0%b5%d0%be%d0%b3%d1%80%d0%b0%d1%84%d0%b8%d0%b8\\\/autres-ballets\\\/\"},{\"@type\":\"ListItem\",\"position\":4,\"name\":\"Blanche-Neige\"}]},{\"@type\":\"WebSite\",\"@id\":\"https:\\\/\\\/dev2023.sergelifar.org\\\/en\\\/#website\",\"url\":\"https:\\\/\\\/dev2023.sergelifar.org\\\/en\\\/\",\"name\":\"Serge Lifar\",\"description\":\"Site officiel de la Fondation Serge Lifar\",\"potentialAction\":[{\"@type\":\"SearchAction\",\"target\":{\"@type\":\"EntryPoint\",\"urlTemplate\":\"https:\\\/\\\/dev2023.sergelifar.org\\\/en\\\/?s={search_term_string}\"},\"query-input\":{\"@type\":\"PropertyValueSpecification\",\"valueRequired\":true,\"valueName\":\"search_term_string\"}}],\"inLanguage\":\"ru-RU\"}]}<\/script>\n<!-- \/ Yoast SEO plugin. -->","yoast_head_json":{"title":"Blanche-Neige - Serge Lifar","robots":{"index":"index","follow":"follow","max-snippet":"max-snippet:-1","max-image-preview":"max-image-preview:large","max-video-preview":"max-video-preview:-1"},"canonical":"https:\/\/www.sergelifar.org\/ru\/\u0445\u043e\u0440\u0435\u043e\u0433\u0440\u0430\u0444\u0438\u0438\/autres-ballets\/blanche-neige\/","og_locale":"ru_RU","og_type":"article","og_title":"Blanche-Neige - Serge Lifar","og_description":"Ballet en 3 actes et 6 tableaux Premi\u00e8re : le 14 novembre 1951 \u00e0 l\u2019Op\u00e9ra de Paris Musique&nbsp;: Maurice Yvain Argument&nbsp;(ou livret) : d\u2019apr\u00e8s un conte des fr\u00e8res Grimm D\u00e9cors&nbsp;et costumes&nbsp;: Dimitri Bouch\u00e8ne Direction musicale&nbsp;: Louis Fourestier Principaux interpr\u00e8tes&nbsp;: Jean-Paul Andr\u00e9ani (le Prince charmant), Xavier Andr\u00e9ani (le Vallet de la reine), Claude Bessy (la Libellule),","og_url":"https:\/\/www.sergelifar.org\/ru\/\u0445\u043e\u0440\u0435\u043e\u0433\u0440\u0430\u0444\u0438\u0438\/autres-ballets\/blanche-neige\/","og_site_name":"Serge Lifar","article_modified_time":"2025-03-19T09:31:11+00:00","twitter_card":"summary_large_image","twitter_misc":{"\u041f\u0440\u0438\u043c\u0435\u0440\u043d\u043e\u0435 \u0432\u0440\u0435\u043c\u044f \u0434\u043b\u044f \u0447\u0442\u0435\u043d\u0438\u044f":"4 \u043c\u0438\u043d\u0443\u0442\u044b"},"schema":{"@context":"https:\/\/schema.org","@graph":[{"@type":"WebPage","@id":"https:\/\/www.sergelifar.org\/ru\/%d1%85%d0%be%d1%80%d0%b5%d0%be%d0%b3%d1%80%d0%b0%d1%84%d0%b8%d0%b8\/autres-ballets\/blanche-neige\/","url":"https:\/\/www.sergelifar.org\/ru\/%d1%85%d0%be%d1%80%d0%b5%d0%be%d0%b3%d1%80%d0%b0%d1%84%d0%b8%d0%b8\/autres-ballets\/blanche-neige\/","name":"Blanche-Neige - Serge Lifar","isPartOf":{"@id":"https:\/\/dev2023.sergelifar.org\/en\/#website"},"datePublished":"2024-01-17T10:36:10+00:00","dateModified":"2025-03-19T09:31:11+00:00","breadcrumb":{"@id":"https:\/\/www.sergelifar.org\/ru\/%d1%85%d0%be%d1%80%d0%b5%d0%be%d0%b3%d1%80%d0%b0%d1%84%d0%b8%d0%b8\/autres-ballets\/blanche-neige\/#breadcrumb"},"inLanguage":"ru-RU","potentialAction":[{"@type":"ReadAction","target":["https:\/\/www.sergelifar.org\/ru\/%d1%85%d0%be%d1%80%d0%b5%d0%be%d0%b3%d1%80%d0%b0%d1%84%d0%b8%d0%b8\/autres-ballets\/blanche-neige\/"]}]},{"@type":"BreadcrumbList","@id":"https:\/\/www.sergelifar.org\/ru\/%d1%85%d0%be%d1%80%d0%b5%d0%be%d0%b3%d1%80%d0%b0%d1%84%d0%b8%d0%b8\/autres-ballets\/blanche-neige\/#breadcrumb","itemListElement":[{"@type":"ListItem","position":1,"name":"Accueil","item":"https:\/\/www.sergelifar.org\/ru\/"},{"@type":"ListItem","position":2,"name":"\u0425\u043e\u0440\u0435\u043e\u0433\u0440\u0430\u0444\u0438\u0447\u0435\u0441\u043a\u0438\u0435 \u043f\u043e\u0441\u0442\u0430\u043d\u043e\u0432\u043a\u0438","item":"https:\/\/www.sergelifar.org\/ru\/%d1%85%d0%be%d1%80%d0%b5%d0%be%d0%b3%d1%80%d0%b0%d1%84%d0%b8%d0%b8\/"},{"@type":"ListItem","position":3,"name":"Autres ballets","item":"https:\/\/www.sergelifar.org\/ru\/%d1%85%d0%be%d1%80%d0%b5%d0%be%d0%b3%d1%80%d0%b0%d1%84%d0%b8%d0%b8\/autres-ballets\/"},{"@type":"ListItem","position":4,"name":"Blanche-Neige"}]},{"@type":"WebSite","@id":"https:\/\/dev2023.sergelifar.org\/en\/#website","url":"https:\/\/dev2023.sergelifar.org\/en\/","name":"Serge Lifar","description":"Site officiel de la Fondation Serge Lifar","potentialAction":[{"@type":"SearchAction","target":{"@type":"EntryPoint","urlTemplate":"https:\/\/dev2023.sergelifar.org\/en\/?s={search_term_string}"},"query-input":{"@type":"PropertyValueSpecification","valueRequired":true,"valueName":"search_term_string"}}],"inLanguage":"ru-RU"}]}},"_links":{"self":[{"href":"https:\/\/www.sergelifar.org\/ru\/wp-json\/wp\/v2\/pages\/6641","targetHints":{"allow":["GET"]}}],"collection":[{"href":"https:\/\/www.sergelifar.org\/ru\/wp-json\/wp\/v2\/pages"}],"about":[{"href":"https:\/\/www.sergelifar.org\/ru\/wp-json\/wp\/v2\/types\/page"}],"author":[{"embeddable":true,"href":"https:\/\/www.sergelifar.org\/ru\/wp-json\/wp\/v2\/users\/2"}],"replies":[{"embeddable":true,"href":"https:\/\/www.sergelifar.org\/ru\/wp-json\/wp\/v2\/comments?post=6641"}],"version-history":[{"count":6,"href":"https:\/\/www.sergelifar.org\/ru\/wp-json\/wp\/v2\/pages\/6641\/revisions"}],"predecessor-version":[{"id":8011,"href":"https:\/\/www.sergelifar.org\/ru\/wp-json\/wp\/v2\/pages\/6641\/revisions\/8011"}],"up":[{"embeddable":true,"href":"https:\/\/www.sergelifar.org\/ru\/wp-json\/wp\/v2\/pages\/7159"}],"wp:attachment":[{"href":"https:\/\/www.sergelifar.org\/ru\/wp-json\/wp\/v2\/media?parent=6641"}],"curies":[{"name":"wp","href":"https:\/\/api.w.org\/{rel}","templated":true}]}}